{"id":314,"date":"2013-11-27T12:11:15","date_gmt":"2013-11-27T12:11:15","guid":{"rendered":"http:\/\/www.fontaneroygas.es\/averias\/?page_id=314"},"modified":"2020-03-17T12:08:37","modified_gmt":"2020-03-17T12:08:37","slug":"calderas-de-condensacion-gas-natural-propano","status":"publish","type":"page","link":"https:\/\/www.fontaneroygas.es\/averias\/calderas-de-condensacion-gas-natural-propano\/","title":{"rendered":"CALDERAS DE CONDENSACION GAS NATURAL PROPANO"},"content":{"rendered":"\n<figure class=\"wp-block-image size-large\"><img loading=\"lazy\" width=\"630\" height=\"386\" src=\"https:\/\/www.fontaneroygas.es\/averias\/wp-content\/uploads\/2020\/03\/Caldera-De-Condensacion-Rendimiento.jpg\" alt=\"\" class=\"wp-image-1307\" srcset=\"https:\/\/www.fontaneroygas.es\/averias\/wp-content\/uploads\/2020\/03\/Caldera-De-Condensacion-Rendimiento.jpg 630w, https:\/\/www.fontaneroygas.es\/averias\/wp-content\/uploads\/2020\/03\/Caldera-De-Condensacion-Rendimiento-300x184.jpg 300w\" sizes=\"(max-width: 630px) 100vw, 630px\" \/><\/figure>\n\n\n<h3 style=\"text-align: left;\"><strong><span style=\"color: #008000;\">&nbsp; &nbsp; &nbsp; &nbsp; &nbsp; &nbsp; &nbsp; &nbsp; &nbsp; &nbsp; &nbsp; &nbsp; &nbsp; &nbsp; &nbsp; &nbsp; &nbsp; <\/span><em><span style=\"color: #008000;\">CALDERAS DE CONDENSACI\u00d3N GAS NATURAL PROPANO!<\/span><\/em><\/strong><\/h3>\n<p style=\"text-align: left;\"><em><span style=\"color: #000000;\"><span style=\"color: #000000;\"><b style=\"color: #000000;\"> Calderas de condensaci\u00f3n gas natural propano <\/b><span style=\"color: #000000;\"><b>Seg\u00fan<\/b><\/span><b style=\"color: #000000;\"> industria de reposici\u00f3n legales. Garant\u00eda dos a\u00f1os.Instalaci\u00f3n, Retirada caldera antigua montaje de la nueva y puesta en marcha, por profesional cualificado y titulado.<\/b><\/span><\/span><\/em><\/p>\n<p style=\"text-align: left;\"><span style=\"color: #0000ff;\"><em><strong>&nbsp; &nbsp; &nbsp; &nbsp; &nbsp; &nbsp; &nbsp; &nbsp; &nbsp; &nbsp; &nbsp; &nbsp; &nbsp; &nbsp; &nbsp; &nbsp; &nbsp; &nbsp; &nbsp; &nbsp; &nbsp; &nbsp; &nbsp; &nbsp; &nbsp; &nbsp; &nbsp; &nbsp; &nbsp; &nbsp; &nbsp; &nbsp; &nbsp; &nbsp; &nbsp;CALDERAS DE&nbsp;<\/strong><\/em><b><i>CONDENSACI\u00d3N:<\/i><\/b><\/span><\/p>\n<p style=\"text-align: left;\"><em><span style=\"color: #0000ff;\"><strong>INSTALACION BASICA E IMPUESTOS INCLUIDOS<\/strong><\/span><\/em><\/p>\n<p style=\"text-align: left;\"><em><span style=\"color: #ff0000;\"><strong>SAUNIER DUVAL THELIA CONDENS F25 &nbsp; &nbsp; &nbsp; &nbsp; &nbsp; &nbsp; &nbsp; &nbsp;&#8211;<\/strong>&nbsp; &nbsp; &nbsp; &nbsp;&nbsp;<strong>1434\u20ac<\/strong>&nbsp;<\/span><\/em><\/p>\n<p style=\"text-align: left;\"><em><span style=\"color: #ff0000;\"><strong>SAUNIER DUVAL THEMA CONDENS F25 &nbsp; &nbsp; &nbsp; &nbsp; &nbsp; &nbsp; &nbsp; &nbsp; &#8211; &nbsp;<\/strong>&nbsp; &nbsp; &nbsp;<strong>1434\u20ac<\/strong> &nbsp;<\/span><\/em><\/p>\n<p style=\"text-align: left;\"><span style=\"color: #ff0000;\"><strong><em>THEMA CONDENS F25 + EXACONTROL E7 RC &nbsp; &nbsp; &nbsp; &nbsp; &nbsp; &nbsp; &nbsp; &nbsp;&#8211; &nbsp; &nbsp; &nbsp; &nbsp;1491\u20ac<\/em><\/strong><\/span><\/p>\n<p style=\"text-align: left;\"><span style=\"color: #ff0000;\"><strong><em>THEMAFAST CONDENS 25 + EXACONTROL E7 RC &nbsp; &nbsp; &nbsp; &nbsp; &#8211; &nbsp; &nbsp; &nbsp; 1712\u20ac<\/em><\/strong><\/span><\/p>\n<p style=\"text-align: left;\"><span style=\"color: #ff0000;\"><strong><em>THEMAFAST CONDENS25 + TERMOSTATO WIFI MiGo &#8211; &nbsp; &nbsp; &nbsp; 1751\u20ac<\/em><\/strong><\/span><\/p>\n<p style=\"text-align: left;\"><span style=\"color: #ff0000;\"><strong><em>SAUNIER DUVAL THEMAFAST CONDENS30 + MiGo &nbsp; &nbsp; &nbsp;&#8211; &nbsp; &nbsp; &nbsp; 1868\u20ac<\/em><\/strong><\/span><\/p>\n<p><em><strong>&nbsp;<\/strong>Tienen<\/em> <em>bombas circuladoras de alta eficiencia adapt\u00e1ndose a la nueva Norma ErP, &nbsp; &nbsp; Incluye el termostato modulante WIFI MIGO.&nbsp;&nbsp;Incluye &nbsp; &nbsp;tambi\u00e9n placa de conexi\u00f3n y ventosa est\u00e1ndar<\/em><\/p>\n<p><strong><em>Termostato inal\u00e1mbrico modulante para calderas Saunier Duval&nbsp;Exacontrol E7RC. Este modelo tiene una pantalla de LCD retroiluminada para facilitar la visualizaci\u00f3n de los datos y permitir el control de la caldera desde cualquier punto del hogar<\/em><\/strong><\/p>\n<p><span style=\"color: #0000ff;\"><b><i>INSTALACI\u00d3N<\/i><\/b><\/span><em><span style=\"color: #0000ff;\"><span style=\"color: #0000ff;\"><b>&nbsp;B\u00c1SICA&nbsp;E IMPUESTOS INCLUIDOS<\/b><\/span><\/span><\/em><\/p>\n<p><strong><span style=\"color: #ff0000;\"><em>ARISTON PREMIUM EVO 24F CONDENS &#8211; 1074\u20ac<\/em><\/span><\/strong><\/p>\n<p><strong><span style=\"color: #ff0000;\"><em>HERMANN MICRAPLUS CONDENS 25 \u2013 1176\u20ac<\/em><\/span><\/strong><\/p>\n<p><strong><span style=\"color: #ff0000;\"><em>BAXI ROCA &nbsp;NEODENS PLUS 24\/24F \u2013 1097\u20ac<\/em><\/span><\/strong><\/p>\n<p><strong><span style=\"color: #ff0000;\"><em>MANAUT MYTO CONDENS 24 \u2013 &nbsp;1109\u20ac<\/em><\/span><\/strong><\/p>\n<p><strong><span style=\"color: #ff0000;\"><em>JUNKERS CERAPUR 25.2 CONDENS \u2013 &nbsp;1299\u20ac<\/em><\/span><\/strong><\/p>\n<p><strong><span style=\"color: #ff0000;\"><em>CALDERA&nbsp;VAILLANT&nbsp;ECOTEC PLUS VMW 246 5-5- &nbsp;1515\u20ac<\/em><\/span><\/strong><\/p>\n<p><strong><span style=\"color: #ff0000;\"><em>CALDERA&nbsp;VAILLANT&nbsp;ECOTEC PLUS VMW 306 5-5- &nbsp;1745\u20ac<\/em><\/span><\/strong><\/p>\n<p style=\"text-align: left;\"><em><span style=\"color: #ff0000;\"><strong>&nbsp; &nbsp; &nbsp; &nbsp; &nbsp; &nbsp; &nbsp; &nbsp; &nbsp; &nbsp; &nbsp; &nbsp; &nbsp; &nbsp;<\/strong><\/span><\/em><\/p>\n<p style=\"text-align: left;\"><span style=\"color: #0000ff;\"><em><strong>&nbsp; &nbsp; &nbsp; &nbsp; &nbsp; &nbsp; &nbsp; &nbsp; &nbsp; &nbsp; &nbsp; &nbsp; &nbsp; &nbsp; &nbsp; &nbsp; &nbsp; &nbsp; &nbsp; &nbsp; &nbsp; &nbsp; &nbsp; &nbsp; &nbsp; &nbsp; &nbsp; &nbsp; &nbsp;CALDERAS DE BAJO NOX CLASE 5:<\/strong><\/em><\/span><\/p>\n<p style=\"text-align: left;\"><span style=\"color: #ff0000;\"><span style=\"color: #ff0000;\"><b><i>INSTALACI\u00d3N<\/i><\/b><\/span><em><b style=\"color: #ff0000;\">&nbsp;<\/b><span style=\"color: #ff0000;\"><b>B\u00c1SICA<\/b><\/span><b style=\"color: #ff0000;\"> E IMPUESTOS INCLUIDOS<\/b><\/em><\/span><\/p>\n<p style=\"text-align: left;\"><span style=\"color: #0000ff;\"><em><strong>SAUNIER DUVAL THEMA NOX F25 &nbsp; &#8211; &nbsp;<\/strong>&nbsp; &nbsp; &nbsp; &nbsp; &nbsp; &nbsp; &nbsp; &nbsp; &nbsp;<strong>1048<\/strong><b>&nbsp;\u20ac<\/b><\/em><\/span><\/p>\n<p style=\"text-align: left;\"><span style=\"color: #0000ff;\"><strong><em>SAUNIER DUVAL THEMAFAST NOX F25 &nbsp;&#8211; &nbsp; &nbsp; &nbsp; &nbsp; &nbsp;1159\u20ac&nbsp;<\/em><\/strong><\/span><\/p>\n<p style=\"text-align: left;\"><span style=\"color: #0000ff;\"><strong><em>HERMANN MICROPLUS NOX 24 &#8211; &nbsp; &nbsp; &nbsp; &nbsp; &nbsp; &nbsp; &nbsp; &nbsp; &nbsp; &nbsp; &nbsp; &nbsp; &nbsp; &nbsp; 1050\u20ac&nbsp;<\/em><\/strong><\/span><\/p>\n<p style=\"text-align: left;\"><span style=\"color: #0000ff;\"><strong><em>ARISTON EGIS NOX 24FF &#8211; &nbsp; &nbsp; &nbsp; &nbsp; &nbsp; &nbsp; &nbsp; &nbsp; &nbsp; &nbsp; &nbsp; &nbsp; &nbsp; &nbsp; &nbsp; &nbsp; &nbsp; &nbsp; &nbsp; &nbsp; &nbsp;950\u20ac&nbsp;<\/em><\/strong><\/span><\/p>\n<p style=\"text-align: left;\"><span style=\"color: #0000ff;\"><strong><em>BAXI ROCA NOVANOX 24\/24F &#8211; &nbsp; &nbsp; &nbsp; &nbsp; &nbsp; &nbsp; &nbsp; &nbsp; &nbsp; &nbsp; &nbsp; &nbsp; &nbsp; &nbsp; &nbsp; 1072\u20ac &nbsp;<\/em><\/strong><\/span><\/p>\n<p style=\"text-align: left;\"><span style=\"color: #0000ff;\"><em><strong>VAILLANT TURBOTEC PLUS 24 &#8211; &nbsp;<\/strong>&nbsp; &nbsp; &nbsp; &nbsp; &nbsp; &nbsp; &nbsp; &nbsp; &nbsp; &nbsp; &nbsp; &nbsp; &nbsp; &nbsp; <strong>1109\u20ac<\/strong> &nbsp; &nbsp;&nbsp;<\/em><\/span><\/p>\n<p style=\"text-align: left;\"><span style=\"color: #000000;\"><em><strong><span style=\"color: #0000ff;\">COINTRA essential &nbsp;24E &nbsp;NOX- &nbsp; &nbsp; &nbsp; &nbsp; &nbsp; &nbsp; &nbsp; &nbsp; &nbsp; &nbsp; &nbsp; &nbsp; &nbsp; &nbsp; &nbsp; &nbsp; &nbsp; &nbsp;790\u20ac &nbsp;<\/span> &nbsp;<\/strong><\/em><\/span><\/p>\n<h4 class=\"tx\" style=\"text-align: left;\"><span style=\"color: #ff0000;\"><span style=\"text-decoration: underline;\"><strong>La instalaci\u00f3n b\u00e1sica de las calde<\/strong><\/span><span style=\"text-decoration: underline;\"><strong>ras de gas incluye<\/strong><\/span><span style=\"text-decoration: underline;\"><strong>:<\/strong><\/span><\/span><\/h4>\n<p style=\"text-align: left;\"><em><span style=\"color: #3366ff;\">Desmontaje y retirada de la caldera vieja para su achatarramiento en punto limpio como marca la normativa.<\/span><\/em><br><em><span style=\"color: #3366ff;\"> Transporte del nuevo modelo al lugar de montaje.<\/span><\/em><br><em><span style=\"color: #3366ff;\"> Montaje en el mismo lugar de la nueva caldera.<\/span><\/em><br><em><span style=\"color: #3366ff;\"> Salida de gases de un codo y un tramo de aproximadamente un metro.<\/span><\/em><br><em><span style=\"color: #3366ff;\"> Puesta en marcha<\/span><\/em><br><em><span style=\"color: #3366ff;\"> Garant\u00eda<\/span><\/em><br><em>Las calderas de condensaci\u00f3n gas natural propano<strong> Ferroli bluehelix tech rrt 24 c<\/strong>&nbsp;, son la mejor soluci\u00f3n a los requerimientos de bienestar, seguridad y respeto por el medio ambiente que exige la normativa RITE en materia de reposici\u00f3n de calderas con salida de gases por la fachada del edificio o patio de ventilaci\u00f3n.<\/em><\/p>\n<p><em>Estas calderas ecol\u00f3gicas incorporan un quemador refrigerado por agua que consigue una eficaz reducci\u00f3n de las emisiones de \u00f3xidos nitrosos. Gracias a la combusti\u00f3n limpia y ecol\u00f3gica que ofrecen, est\u00e1n catalogadas como calderas Clase 5 en emisi\u00f3n de NOx.<\/em><br><em> M\u00e1ximo confort<\/em><br><em> Con potencias de 24 y 28 kW, su rendimiento al 100% de carga es del 93 %. Esta alta eficiencia energ\u00e9tica,con niveles de rendimiento tres estrellas ***, se consigue mediante sensores y ajustes en su sistema de modulaci\u00f3n&nbsp;electr\u00f3nica.<\/em><br><em> Dise\u00f1adas para ofrecer el mejor confort con la m\u00e1xima&nbsp;econom\u00eda, las Minox Eco proporcionan un calor limpio, seguro, totalmente regulable y agua caliente al instante con la m\u00e1xima estabilidad de temperatura, incluso en caudales m\u00ednimos<\/em>.<\/p>\n<p><em><span style=\"color: #000000;\"><strong>Las calderas de<\/strong><\/span> <span style=\"color: #0000ff;\"><strong>condensaci\u00f3n<\/strong>&nbsp;<b>THEMAFAST CONDENS F 30 de Saunier Duval<\/b><\/span>. <strong><span style=\"color: #000000;\">Con microacumulador garantiza a los usuarios un gran confort al suministrar agua caliente de forma instant\u00e1nea incluso a peque\u00f1os vol\u00famenes. Producci\u00f3n inagotable de agua caliente a medida que se demanda.<\/span> <\/strong><span style=\"color: #0000ff;\"><strong>INSTALADA POR SOLO 1600.00 \u20ac<\/strong><\/span><\/em><\/p>\n<p><em>Themafast Condens es una caldera mixta (calefacci\u00f3n y agua caliente) de condensaci\u00f3n equipada con MICROFAST\u00ae, el sistema de microacumulaci\u00f3n patentado por Saunier Duval, que proporciona a las calderas mixtas unas extraordinarias prestaciones en ACS. Disponible en dos rangos de potencia, 25 y 30 kW, es una excelente soluci\u00f3n de ahorro y confort.<\/em><\/p>\n<p><em>La microacumulaci\u00f3n MICROFAST\u00ae permite a las calderas mixtas mejorar notablemente las prestaciones en agua caliente as\u00ed como un importante ahorro de agua y gas. Gracias a esta tecnolog\u00eda el usuario disfruta de un excelente confort sanitario, muy superior al que le aportar\u00eda una caldera instant\u00e1nea pero con su mismo tama\u00f1o.<\/em><\/p>\n<p><em>Dispone de un sistema anti-golpe de ariete, que incorporado en el microacumulador consigue reducir de forma eficaz los aumentos de presi\u00f3n que se producen al cerrar, sobre todo, los grifos monomando.<\/em><\/p>\n<p><em>Cuenta con aislamiento est\u00e1tico y aislamiento din\u00e1mico, que consiste en una peque\u00f1a resistencia el\u00e9ctrica.<\/em><\/p>\n<p><em><strong style=\"color: #ff0000;\">Instalaci\u00f3n completa de calefacci\u00f3n con 5 puntos de<\/strong> <strong style=\"color: #ff0000;\">radiadores ferroli<\/strong><span style=\"color: #ff0000;\">&nbsp;<b>m\u00e1s<\/b><\/span><b style=\"color: #ff0000;\"> caldera<\/b> <strong style=\"color: #ff0000;\">Manaut Myto condens<\/strong> <strong style=\"color: #ff0000;\"><span style=\"text-decoration: underline;\">por solo 2250 euros<\/span>.<\/strong><\/em><\/p>\n<ul>\n<li><em><strong>Funcionamiento sencillo y eficaz:<\/strong>&nbsp;los&nbsp;<strong>radiadores<\/strong>&nbsp;reparten el calor de forma homog\u00e9nea por toda la casa.<\/em><\/li>\n<li><em><strong>Calor a tu medida:<\/strong>&nbsp;el<strong>&nbsp;termostato<\/strong>&nbsp;permite regular la temperatura y ajustar los horarios de encendido y apagado autom\u00e1ticamente, consiguiendo un ahorro en tu consumo.<\/em><\/li>\n<li><em><strong>Instalaci\u00f3n r\u00e1pida y sencilla:<\/strong>&nbsp;un instalador se ocupar\u00e1 de que todo est\u00e9 listo para funcionar en&nbsp; un par de d\u00edas y sin grandes obras.<\/em><\/li>\n<li><em><strong>Ambiente m\u00e1s sano:<\/strong>&nbsp;a diferencia de algunos sistemas de aire, los&nbsp;<strong>radiadores&nbsp;<\/strong>no consumen el aire interior de la vivienda ni suponen ning\u00fan problema para personas con afecciones al\u00e9rgicas o respiratorias.<\/em><\/li>\n<\/ul>\n\n\n<figure class=\"wp-container-2 wp-block-gallery-1 wp-block-gallery columns-3 is-cropped\"><ul class=\"blocks-gallery-grid\"><li class=\"blocks-gallery-item\"><figure><img loading=\"lazy\" width=\"189\" height=\"381\" src=\"https:\/\/www.fontaneroygas.es\/averias\/wp-content\/uploads\/2020\/03\/Ferroli-BLUEHELIX-TECH-RRT24C-1100\u20ac.jpg\" alt=\"\" data-id=\"1218\" data-link=\"https:\/\/www.fontaneroygas.es\/averias\/calderas-de-condensacion-gas-natural-propano\/ferroli-bluehelix-tech-rrt24c-1100e\/\" class=\"wp-image-1218\" srcset=\"https:\/\/www.fontaneroygas.es\/averias\/wp-content\/uploads\/2020\/03\/Ferroli-BLUEHELIX-TECH-RRT24C-1100\u20ac.jpg 189w, https:\/\/www.fontaneroygas.es\/averias\/wp-content\/uploads\/2020\/03\/Ferroli-BLUEHELIX-TECH-RRT24C-1100\u20ac-149x300.jpg 149w\" sizes=\"(max-width: 189px) 100vw, 189px\" \/><figcaption class=\"blocks-gallery-item__caption\">FERROLI Bluehelix Tech RRT 24_1.099\u20ac-INSTALACION INCLUIDA<br>  Medidas 700 x 420 x 250 mm.<\/figcaption><\/figure><\/li><li class=\"blocks-gallery-item\"><figure><img loading=\"lazy\" width=\"217\" height=\"437\" src=\"https:\/\/www.fontaneroygas.es\/averias\/wp-content\/uploads\/2020\/03\/ARISTON-Clas-ONE-24_1.099-\u20ac-INSTALACION-INCLUIDA.jpg\" alt=\"\" data-id=\"1219\" data-link=\"https:\/\/www.fontaneroygas.es\/averias\/calderas-de-condensacion-gas-natural-propano\/ariston-clas-one-24_1-099-e-instalacion-incluida\/\" class=\"wp-image-1219\" srcset=\"https:\/\/www.fontaneroygas.es\/averias\/wp-content\/uploads\/2020\/03\/ARISTON-Clas-ONE-24_1.099-\u20ac-INSTALACION-INCLUIDA.jpg 217w, https:\/\/www.fontaneroygas.es\/averias\/wp-content\/uploads\/2020\/03\/ARISTON-Clas-ONE-24_1.099-\u20ac-INSTALACION-INCLUIDA-149x300.jpg 149w\" sizes=\"(max-width: 217px) 100vw, 217px\" \/><figcaption class=\"blocks-gallery-item__caption\">ARISTON Clas ONE 24_1.099\u20ac_INSTALACION INCLUIDA<br>  Medidas 745 x 400 x 315 mm.<\/figcaption><\/figure><\/li><li class=\"blocks-gallery-item\"><figure><img loading=\"lazy\" width=\"222\" height=\"438\" src=\"https:\/\/www.fontaneroygas.es\/averias\/wp-content\/uploads\/2020\/03\/MANAUT_Myto-Condens-INOX-25-1.129-\u20ac.jpg\" alt=\"\" data-id=\"1225\" data-link=\"https:\/\/www.fontaneroygas.es\/averias\/calderas-de-condensacion-gas-natural-propano\/manaut_myto-condens-inox-25-1-129-e\/\" class=\"wp-image-1225\" srcset=\"https:\/\/www.fontaneroygas.es\/averias\/wp-content\/uploads\/2020\/03\/MANAUT_Myto-Condens-INOX-25-1.129-\u20ac.jpg 222w, https:\/\/www.fontaneroygas.es\/averias\/wp-content\/uploads\/2020\/03\/MANAUT_Myto-Condens-INOX-25-1.129-\u20ac-152x300.jpg 152w\" sizes=\"(max-width: 222px) 100vw, 222px\" \/><figcaption class=\"blocks-gallery-item__caption\">MANAUT_Myto Condens INOX 25-1.129\u20ac<br>  Medidas 700 x 400 x 290 mm.<br><a href=\"https:\/\/www.fontaneroygas.es\/averias\/altas-nuevas-gas-natural-boletines-certificados-de-gas-tlf-616-39-28-39\/\">https:\/\/www.fontaneroygas.es\/averias\/altas-nuevas-gas-natural-boletines-certificados-de-gas-tlf-616-39-28-39\/<\/a><\/figcaption><\/figure><\/li><li class=\"blocks-gallery-item\"><figure><img loading=\"lazy\" width=\"232\" height=\"428\" src=\"https:\/\/www.fontaneroygas.es\/averias\/wp-content\/uploads\/2020\/03\/HERMANN_Micracom-Condens-24_1.099\u20ac.jpg\" alt=\"\" data-id=\"1226\" data-link=\"https:\/\/www.fontaneroygas.es\/averias\/calderas-de-condensacion-gas-natural-propano\/hermann_micracom-condens-24_1-099e\/\" class=\"wp-image-1226\" srcset=\"https:\/\/www.fontaneroygas.es\/averias\/wp-content\/uploads\/2020\/03\/HERMANN_Micracom-Condens-24_1.099\u20ac.jpg 232w, https:\/\/www.fontaneroygas.es\/averias\/wp-content\/uploads\/2020\/03\/HERMANN_Micracom-Condens-24_1.099\u20ac-163x300.jpg 163w\" sizes=\"(max-width: 232px) 100vw, 232px\" \/><figcaption class=\"blocks-gallery-item__caption\">HERMANN_Micracom Condens 24_1.099\u20ac_INSTALACION INCLUIDA<br> Medidas 626 x 400 x 270 mm.<\/figcaption><\/figure><\/li><li class=\"blocks-gallery-item\"><figure><img loading=\"lazy\" width=\"241\" height=\"404\" src=\"https:\/\/www.fontaneroygas.es\/averias\/wp-content\/uploads\/2020\/03\/IMMERGAS_Victrix-Tera-28-ErP_1.199\u20ac.jpg\" alt=\"\" data-id=\"1227\" data-link=\"https:\/\/www.fontaneroygas.es\/averias\/calderas-de-condensacion-gas-natural-propano\/immergas_victrix-tera-28-erp_1-199e\/\" class=\"wp-image-1227\" srcset=\"https:\/\/www.fontaneroygas.es\/averias\/wp-content\/uploads\/2020\/03\/IMMERGAS_Victrix-Tera-28-ErP_1.199\u20ac.jpg 241w, https:\/\/www.fontaneroygas.es\/averias\/wp-content\/uploads\/2020\/03\/IMMERGAS_Victrix-Tera-28-ErP_1.199\u20ac-179x300.jpg 179w\" sizes=\"(max-width: 241px) 100vw, 241px\" \/><figcaption class=\"blocks-gallery-item__caption\">IMMERGAS_Victrix Tera 28 ErP_1.199\u20ac<br> Medidas 748 x 440 x 252 mm.<\/figcaption><\/figure><\/li><li class=\"blocks-gallery-item\"><figure><img loading=\"lazy\" width=\"228\" height=\"413\" src=\"https:\/\/www.fontaneroygas.es\/averias\/wp-content\/uploads\/2020\/03\/JUNKERS_Cerapur-ZWBC-22_24_1.189\u20ac_INSTALACION-INCLUIDA.jpg\" alt=\"\" data-id=\"1228\" data-link=\"https:\/\/www.fontaneroygas.es\/averias\/calderas-de-condensacion-gas-natural-propano\/junkers_cerapur-zwbc-22_24_1-189e_instalacion-incluida\/\" class=\"wp-image-1228\" srcset=\"https:\/\/www.fontaneroygas.es\/averias\/wp-content\/uploads\/2020\/03\/JUNKERS_Cerapur-ZWBC-22_24_1.189\u20ac_INSTALACION-INCLUIDA.jpg 228w, https:\/\/www.fontaneroygas.es\/averias\/wp-content\/uploads\/2020\/03\/JUNKERS_Cerapur-ZWBC-22_24_1.189\u20ac_INSTALACION-INCLUIDA-166x300.jpg 166w\" sizes=\"(max-width: 228px) 100vw, 228px\" \/><figcaption class=\"blocks-gallery-item__caption\">JUNKERS_Cerapur ZWBC 22\/24_1.189\u20ac_INSTALACION INCLUIDA<\/figcaption><\/figure><\/li><li class=\"blocks-gallery-item\"><figure><img loading=\"lazy\" width=\"225\" height=\"430\" src=\"https:\/\/www.fontaneroygas.es\/averias\/wp-content\/uploads\/2020\/03\/Vaillant_Ecotec-Pure-VMW-236_1.339\u20ac_INSTALACION-INCLUIDA.jpg\" alt=\"\" data-id=\"1229\" data-link=\"https:\/\/www.fontaneroygas.es\/averias\/calderas-de-condensacion-gas-natural-propano\/vaillant_ecotec-pure-vmw-236_1-339e_instalacion-incluida\/\" class=\"wp-image-1229\" srcset=\"https:\/\/www.fontaneroygas.es\/averias\/wp-content\/uploads\/2020\/03\/Vaillant_Ecotec-Pure-VMW-236_1.339\u20ac_INSTALACION-INCLUIDA.jpg 225w, https:\/\/www.fontaneroygas.es\/averias\/wp-content\/uploads\/2020\/03\/Vaillant_Ecotec-Pure-VMW-236_1.339\u20ac_INSTALACION-INCLUIDA-157x300.jpg 157w\" sizes=\"(max-width: 225px) 100vw, 225px\" \/><figcaption class=\"blocks-gallery-item__caption\">Vaillant_Ecotec Pure VMW 236_1.339\u20ac_INSTALACION INCLUIDA<\/figcaption><\/figure><\/li><li class=\"blocks-gallery-item\"><figure><img loading=\"lazy\" width=\"223\" height=\"425\" src=\"https:\/\/www.fontaneroygas.es\/averias\/wp-content\/uploads\/2020\/03\/SAUNIER-DUVAL_Thelia-Condens-25_1.349\u20ac_INSTALACION-INCLUIDA.jpg\" alt=\"\" data-id=\"1230\" data-link=\"https:\/\/www.fontaneroygas.es\/averias\/calderas-de-condensacion-gas-natural-propano\/saunier-duval_thelia-condens-25_1-349e_instalacion-incluida\/\" class=\"wp-image-1230\" srcset=\"https:\/\/www.fontaneroygas.es\/averias\/wp-content\/uploads\/2020\/03\/SAUNIER-DUVAL_Thelia-Condens-25_1.349\u20ac_INSTALACION-INCLUIDA.jpg 223w, https:\/\/www.fontaneroygas.es\/averias\/wp-content\/uploads\/2020\/03\/SAUNIER-DUVAL_Thelia-Condens-25_1.349\u20ac_INSTALACION-INCLUIDA-157x300.jpg 157w\" sizes=\"(max-width: 223px) 100vw, 223px\" \/><figcaption class=\"blocks-gallery-item__caption\">SAUNIER DUVAL_Thelia Condens 25_1.349\u20ac_INSTALACION INCLUIDA<\/figcaption><\/figure><\/li><li class=\"blocks-gallery-item\"><figure><img loading=\"lazy\" width=\"241\" height=\"439\" src=\"https:\/\/www.fontaneroygas.es\/averias\/wp-content\/uploads\/2020\/03\/VIESSMANN_Vitodens-050-W-24-KW_1.399-\u20ac.jpg\" alt=\"\" data-id=\"1231\" data-link=\"https:\/\/www.fontaneroygas.es\/averias\/calderas-de-condensacion-gas-natural-propano\/viessmann_vitodens-050-w-24-kw_1-399-e\/\" class=\"wp-image-1231\" srcset=\"https:\/\/www.fontaneroygas.es\/averias\/wp-content\/uploads\/2020\/03\/VIESSMANN_Vitodens-050-W-24-KW_1.399-\u20ac.jpg 241w, https:\/\/www.fontaneroygas.es\/averias\/wp-content\/uploads\/2020\/03\/VIESSMANN_Vitodens-050-W-24-KW_1.399-\u20ac-165x300.jpg 165w\" sizes=\"(max-width: 241px) 100vw, 241px\" \/><figcaption class=\"blocks-gallery-item__caption\">VIESSMANN_Vitodens 050-W 24 KW_1.399\u20ac<br>  Medidas 707 x 400 x 350 mm.<\/figcaption><\/figure><\/li><li class=\"blocks-gallery-item\"><figure><img loading=\"lazy\" width=\"243\" height=\"431\" src=\"https:\/\/www.fontaneroygas.es\/averias\/wp-content\/uploads\/2020\/03\/WOLF_FGB-K-24_1.359\u20ac_INSTALACION-INCLUIDA.jpg\" alt=\"\" data-id=\"1232\" data-link=\"https:\/\/www.fontaneroygas.es\/averias\/calderas-de-condensacion-gas-natural-propano\/wolf_fgb-k-24_1-359e_instalacion-incluida\/\" class=\"wp-image-1232\" srcset=\"https:\/\/www.fontaneroygas.es\/averias\/wp-content\/uploads\/2020\/03\/WOLF_FGB-K-24_1.359\u20ac_INSTALACION-INCLUIDA.jpg 243w, https:\/\/www.fontaneroygas.es\/averias\/wp-content\/uploads\/2020\/03\/WOLF_FGB-K-24_1.359\u20ac_INSTALACION-INCLUIDA-169x300.jpg 169w\" sizes=\"(max-width: 243px) 100vw, 243px\" \/><figcaption class=\"blocks-gallery-item__caption\">WOLF_FGB-K 24_1.359\u20ac_INSTALACION INCLUIDA<br>  Medidas 650 x 408 x 310 mm.<\/figcaption><\/figure><\/li><li class=\"blocks-gallery-item\"><figure><img loading=\"lazy\" width=\"256\" height=\"425\" src=\"https:\/\/www.fontaneroygas.es\/averias\/wp-content\/uploads\/2020\/03\/INTERGAS_Kombi-Kompakt-28_24_1.479\u20ac.jpg\" alt=\"\" data-id=\"1233\" data-link=\"https:\/\/www.fontaneroygas.es\/averias\/calderas-de-condensacion-gas-natural-propano\/intergas_kombi-kompakt-28_24_1-479e\/\" class=\"wp-image-1233\" srcset=\"https:\/\/www.fontaneroygas.es\/averias\/wp-content\/uploads\/2020\/03\/INTERGAS_Kombi-Kompakt-28_24_1.479\u20ac.jpg 256w, https:\/\/www.fontaneroygas.es\/averias\/wp-content\/uploads\/2020\/03\/INTERGAS_Kombi-Kompakt-28_24_1.479\u20ac-181x300.jpg 181w\" sizes=\"(max-width: 256px) 100vw, 256px\" \/><figcaption class=\"blocks-gallery-item__caption\">INTERGAS_Kombi Kompakt 28\/24_1.479\u20ac<br>  Medidas 750 x 450 x 270 mm.<\/figcaption><\/figure><\/li><li class=\"blocks-gallery-item\"><figure><img loading=\"lazy\" width=\"230\" height=\"418\" src=\"https:\/\/www.fontaneroygas.es\/averias\/wp-content\/uploads\/2020\/03\/BAXI_Neodens-Plus-ECO-24_24F_1.129\u20ac_INSTALACION-INCLUIDA-1.jpg\" alt=\"\" data-id=\"1309\" data-full-url=\"https:\/\/www.fontaneroygas.es\/averias\/wp-content\/uploads\/2020\/03\/BAXI_Neodens-Plus-ECO-24_24F_1.129\u20ac_INSTALACION-INCLUIDA-1.jpg\" data-link=\"https:\/\/www.fontaneroygas.es\/averias\/calderas-de-condensacion-gas-natural-propano\/baxi_neodens-plus-eco-24_24f_1-129e_instalacion-incluida-1\/\" class=\"wp-image-1309\" srcset=\"https:\/\/www.fontaneroygas.es\/averias\/wp-content\/uploads\/2020\/03\/BAXI_Neodens-Plus-ECO-24_24F_1.129\u20ac_INSTALACION-INCLUIDA-1.jpg 230w, https:\/\/www.fontaneroygas.es\/averias\/wp-content\/uploads\/2020\/03\/BAXI_Neodens-Plus-ECO-24_24F_1.129\u20ac_INSTALACION-INCLUIDA-1-165x300.jpg 165w\" sizes=\"(max-width: 230px) 100vw, 230px\" \/><figcaption class=\"blocks-gallery-item__caption\"><strong>BAXI_Neodens Plus ECO 24\/24F_1.129\u20ac_INSTALACION INCLUIDA<br> Medidas 700 x 400 x 299 mm.<\/strong><\/figcaption><\/figure><\/li><\/ul><\/figure>\n\n\n\n<figure class=\"wp-container-4 wp-block-gallery-3 wp-block-gallery columns-0 is-cropped\"><ul class=\"blocks-gallery-grid\"><\/ul><\/figure>\n","protected":false},"excerpt":{"rendered":"<p>&nbsp; &nbsp; &nbsp; &nbsp; &nbsp; &nbsp; &nbsp; &nbsp; &nbsp; &nbsp; &nbsp; &nbsp; &nbsp; &nbsp; &nbsp; &nbsp; &nbsp; CALDERAS DE CONDENSACI\u00d3N GAS NATURAL PROPANO! Calderas de condensaci\u00f3n gas natural propano Seg\u00fan industria de reposici\u00f3n legales. Garant\u00eda dos a\u00f1os.Instalaci\u00f3n, Retirada caldera antigua montaje de la nueva y puesta en marcha, por profesional cualificado y titulado. &nbsp; &nbsp;&hellip; <br \/> <a class=\"read-more\" href=\"https:\/\/www.fontaneroygas.es\/averias\/calderas-de-condensacion-gas-natural-propano\/\">Leer m\u00e1s<\/a><\/p>\n","protected":false},"author":1,"featured_media":0,"parent":0,"menu_order":0,"comment_status":"closed","ping_status":"open","template":"","meta":[],"yoast_head":"<!-- This site is optimized with the Yoast SEO plugin v20.5 - https:\/\/yoast.com\/wordpress\/plugins\/seo\/ -->\n<title>CALDERAS DE CONDENSACION GAS NATURAL PROPANO<\/title>\n<meta name=\"description\" content=\"Calderas de condensaci\u00f3n gas natural propano,Instalaci\u00f3n, Retirada caldera antigua montaje de la nueva y puesta en marcha, por profesional cualificado.\" \/>\n<meta name=\"robots\" content=\"index, follow, max-snippet:-1, max-image-preview:large, max-video-preview:-1\" \/>\n<link rel=\"canonical\" href=\"http:\/\/www.fontaneroygas.es\/averias\/calderas-de-condensacion-gas-natural-propano\/\" \/>\n<meta property=\"og:locale\" content=\"es_ES\" \/>\n<meta property=\"og:type\" content=\"article\" \/>\n<meta property=\"og:title\" content=\"CALDERAS DE CONDENSACION GAS NATURAL PROPANO\" \/>\n<meta property=\"og:description\" content=\"Calderas de condensaci\u00f3n gas natural propano,Instalaci\u00f3n, Retirada caldera antigua montaje de la nueva y puesta en marcha, por profesional cualificado.\" \/>\n<meta property=\"og:url\" content=\"http:\/\/www.fontaneroygas.es\/averias\/calderas-de-condensacion-gas-natural-propano\/\" \/>\n<meta property=\"og:site_name\" content=\"REPARACION DE CALDERAS E INSTALACIONES DE GAS Y CALEFACCI\u00d3N\" \/>\n<meta property=\"article:modified_time\" content=\"2020-03-17T12:08:37+00:00\" \/>\n<meta property=\"og:image\" content=\"https:\/\/www.fontaneroygas.es\/averias\/wp-content\/uploads\/2020\/03\/Caldera-De-Condensacion-Rendimiento.jpg\" \/>\n<meta name=\"twitter:card\" content=\"summary_large_image\" \/>\n<meta name=\"twitter:label1\" content=\"Tiempo de lectura\" \/>\n\t<meta name=\"twitter:data1\" content=\"6 minutos\" \/>\n<script type=\"application\/ld+json\" class=\"yoast-schema-graph\">{\"@context\":\"https:\/\/schema.org\",\"@graph\":[{\"@type\":\"WebPage\",\"@id\":\"http:\/\/www.fontaneroygas.es\/averias\/calderas-de-condensacion-gas-natural-propano\/\",\"url\":\"http:\/\/www.fontaneroygas.es\/averias\/calderas-de-condensacion-gas-natural-propano\/\",\"name\":\"CALDERAS DE CONDENSACION GAS NATURAL PROPANO\",\"isPartOf\":{\"@id\":\"https:\/\/www.fontaneroygas.es\/averias\/#website\"},\"datePublished\":\"2013-11-27T12:11:15+00:00\",\"dateModified\":\"2020-03-17T12:08:37+00:00\",\"description\":\"Calderas de condensaci\u00f3n gas natural propano,Instalaci\u00f3n, Retirada caldera antigua montaje de la nueva y puesta en marcha, por profesional cualificado.\",\"breadcrumb\":{\"@id\":\"http:\/\/www.fontaneroygas.es\/averias\/calderas-de-condensacion-gas-natural-propano\/#breadcrumb\"},\"inLanguage\":\"es\",\"potentialAction\":[{\"@type\":\"ReadAction\",\"target\":[\"http:\/\/www.fontaneroygas.es\/averias\/calderas-de-condensacion-gas-natural-propano\/\"]}]},{\"@type\":\"BreadcrumbList\",\"@id\":\"http:\/\/www.fontaneroygas.es\/averias\/calderas-de-condensacion-gas-natural-propano\/#breadcrumb\",\"itemListElement\":[{\"@type\":\"ListItem\",\"position\":1,\"name\":\"inicio\",\"item\":\"https:\/\/www.fontaneroygas.es\/averias\/\"},{\"@type\":\"ListItem\",\"position\":2,\"name\":\"CALDERAS DE CONDENSACION GAS NATURAL PROPANO\"}]},{\"@type\":\"WebSite\",\"@id\":\"https:\/\/www.fontaneroygas.es\/averias\/#website\",\"url\":\"https:\/\/www.fontaneroygas.es\/averias\/\",\"name\":\"Reparacion de calderas, instalaciones de gas, calefacci\u00f3n\",\"description\":\" \",\"publisher\":{\"@id\":\"https:\/\/www.fontaneroygas.es\/averias\/#\/schema\/person\/b3811899428677ec8d60bf476870968f\"},\"potentialAction\":[{\"@type\":\"SearchAction\",\"target\":{\"@type\":\"EntryPoint\",\"urlTemplate\":\"https:\/\/www.fontaneroygas.es\/averias\/?s={search_term_string}\"},\"query-input\":\"required name=search_term_string\"}],\"inLanguage\":\"es\"},{\"@type\":[\"Person\",\"Organization\"],\"@id\":\"https:\/\/www.fontaneroygas.es\/averias\/#\/schema\/person\/b3811899428677ec8d60bf476870968f\",\"name\":\"fonta-gas\",\"image\":{\"@type\":\"ImageObject\",\"inLanguage\":\"es\",\"@id\":\"https:\/\/www.fontaneroygas.es\/averias\/#\/schema\/person\/image\/\",\"url\":\"https:\/\/secure.gravatar.com\/avatar\/5c386f1ce0a8331061d80e2c5f6504c8?s=96&d=mm&r=g\",\"contentUrl\":\"https:\/\/secure.gravatar.com\/avatar\/5c386f1ce0a8331061d80e2c5f6504c8?s=96&d=mm&r=g\",\"caption\":\"fonta-gas\"},\"logo\":{\"@id\":\"https:\/\/www.fontaneroygas.es\/averias\/#\/schema\/person\/image\/\"}}]}<\/script>\n<!-- \/ Yoast SEO plugin. -->","yoast_head_json":{"title":"CALDERAS DE CONDENSACION GAS NATURAL PROPANO","description":"Calderas de condensaci\u00f3n gas natural propano,Instalaci\u00f3n, Retirada caldera antigua montaje de la nueva y puesta en marcha, por profesional cualificado.","robots":{"index":"index","follow":"follow","max-snippet":"max-snippet:-1","max-image-preview":"max-image-preview:large","max-video-preview":"max-video-preview:-1"},"canonical":"http:\/\/www.fontaneroygas.es\/averias\/calderas-de-condensacion-gas-natural-propano\/","og_locale":"es_ES","og_type":"article","og_title":"CALDERAS DE CONDENSACION GAS NATURAL PROPANO","og_description":"Calderas de condensaci\u00f3n gas natural propano,Instalaci\u00f3n, Retirada caldera antigua montaje de la nueva y puesta en marcha, por profesional cualificado.","og_url":"http:\/\/www.fontaneroygas.es\/averias\/calderas-de-condensacion-gas-natural-propano\/","og_site_name":"REPARACION DE CALDERAS E INSTALACIONES DE GAS Y CALEFACCI\u00d3N","article_modified_time":"2020-03-17T12:08:37+00:00","og_image":[{"url":"https:\/\/www.fontaneroygas.es\/averias\/wp-content\/uploads\/2020\/03\/Caldera-De-Condensacion-Rendimiento.jpg"}],"twitter_card":"summary_large_image","twitter_misc":{"Tiempo de lectura":"6 minutos"},"schema":{"@context":"https:\/\/schema.org","@graph":[{"@type":"WebPage","@id":"http:\/\/www.fontaneroygas.es\/averias\/calderas-de-condensacion-gas-natural-propano\/","url":"http:\/\/www.fontaneroygas.es\/averias\/calderas-de-condensacion-gas-natural-propano\/","name":"CALDERAS DE CONDENSACION GAS NATURAL PROPANO","isPartOf":{"@id":"https:\/\/www.fontaneroygas.es\/averias\/#website"},"datePublished":"2013-11-27T12:11:15+00:00","dateModified":"2020-03-17T12:08:37+00:00","description":"Calderas de condensaci\u00f3n gas natural propano,Instalaci\u00f3n, Retirada caldera antigua montaje de la nueva y puesta en marcha, por profesional cualificado.","breadcrumb":{"@id":"http:\/\/www.fontaneroygas.es\/averias\/calderas-de-condensacion-gas-natural-propano\/#breadcrumb"},"inLanguage":"es","potentialAction":[{"@type":"ReadAction","target":["http:\/\/www.fontaneroygas.es\/averias\/calderas-de-condensacion-gas-natural-propano\/"]}]},{"@type":"BreadcrumbList","@id":"http:\/\/www.fontaneroygas.es\/averias\/calderas-de-condensacion-gas-natural-propano\/#breadcrumb","itemListElement":[{"@type":"ListItem","position":1,"name":"inicio","item":"https:\/\/www.fontaneroygas.es\/averias\/"},{"@type":"ListItem","position":2,"name":"CALDERAS DE CONDENSACION GAS NATURAL PROPANO"}]},{"@type":"WebSite","@id":"https:\/\/www.fontaneroygas.es\/averias\/#website","url":"https:\/\/www.fontaneroygas.es\/averias\/","name":"Reparacion de calderas, instalaciones de gas, calefacci\u00f3n","description":" ","publisher":{"@id":"https:\/\/www.fontaneroygas.es\/averias\/#\/schema\/person\/b3811899428677ec8d60bf476870968f"},"potentialAction":[{"@type":"SearchAction","target":{"@type":"EntryPoint","urlTemplate":"https:\/\/www.fontaneroygas.es\/averias\/?s={search_term_string}"},"query-input":"required name=search_term_string"}],"inLanguage":"es"},{"@type":["Person","Organization"],"@id":"https:\/\/www.fontaneroygas.es\/averias\/#\/schema\/person\/b3811899428677ec8d60bf476870968f","name":"fonta-gas","image":{"@type":"ImageObject","inLanguage":"es","@id":"https:\/\/www.fontaneroygas.es\/averias\/#\/schema\/person\/image\/","url":"https:\/\/secure.gravatar.com\/avatar\/5c386f1ce0a8331061d80e2c5f6504c8?s=96&d=mm&r=g","contentUrl":"https:\/\/secure.gravatar.com\/avatar\/5c386f1ce0a8331061d80e2c5f6504c8?s=96&d=mm&r=g","caption":"fonta-gas"},"logo":{"@id":"https:\/\/www.fontaneroygas.es\/averias\/#\/schema\/person\/image\/"}}]}},"_links":{"self":[{"href":"https:\/\/www.fontaneroygas.es\/averias\/wp-json\/wp\/v2\/pages\/314"}],"collection":[{"href":"https:\/\/www.fontaneroygas.es\/averias\/wp-json\/wp\/v2\/pages"}],"about":[{"href":"https:\/\/www.fontaneroygas.es\/averias\/wp-json\/wp\/v2\/types\/page"}],"author":[{"embeddable":true,"href":"https:\/\/www.fontaneroygas.es\/averias\/wp-json\/wp\/v2\/users\/1"}],"replies":[{"embeddable":true,"href":"https:\/\/www.fontaneroygas.es\/averias\/wp-json\/wp\/v2\/comments?post=314"}],"version-history":[{"count":31,"href":"https:\/\/www.fontaneroygas.es\/averias\/wp-json\/wp\/v2\/pages\/314\/revisions"}],"predecessor-version":[{"id":1311,"href":"https:\/\/www.fontaneroygas.es\/averias\/wp-json\/wp\/v2\/pages\/314\/revisions\/1311"}],"wp:attachment":[{"href":"https:\/\/www.fontaneroygas.es\/averias\/wp-json\/wp\/v2\/media?parent=314"}],"curies":[{"name":"wp","href":"https:\/\/api.w.org\/{rel}","templated":true}]}}