{"id":66,"date":"2013-08-26T20:10:26","date_gmt":"2013-08-26T20:10:26","guid":{"rendered":"http:\/\/www.fontaneroygas.es\/averias\/?page_id=66"},"modified":"2025-02-10T08:31:34","modified_gmt":"2025-02-10T08:31:34","slug":"donde-estamos-en-fuente-el-saz-de-jarama","status":"publish","type":"page","link":"https:\/\/www.fontaneroygas.es\/averias\/donde-estamos-en-fuente-el-saz-de-jarama\/","title":{"rendered":"SERVICIO A DOMISILIO"},"content":{"rendered":"<p><span style=\"color: #003300;\"><em><b style=\"color: #003300;\">SERVICIOS A DOMISILIO ( 28140) FUENTE \u00a0EL SAZ DE JARAMA (MADRID) &#8211; CALLE MARTINA <\/b><span style=\"color: #003300;\"><b>GARC\u00cdA\u00a0 \u00a0<\/b><\/span><\/em><\/span><\/p>\n<h4>Reparamos urgencias en Madrid Norte de calderas de Gas Natural o Gasoil y Calentadores en fines de semana, festivos y horarios especial en la zona de :<\/h4>\n<h4><strong>Fuente el Saz de Jarama, Ajalvir, Alcobendas, Algete, Buitrago del Lozoya, Bustarviejo, Cobe\u00f1a, Colmenar Viejo, Daganzo de Arriba, El Molar, El Vell\u00f3n, Fresno de Torote, Fuente del Fresno, Guadalix de la Sierra, La Cabrera, La Moraleja, La Sierra Norte, Manzanares El Real, Miraflores de la Sierra, Paracuellos de Jarama, Pedrezuela, Perales de Taju\u00f1a, Rascafr\u00eda, San Agust\u00edn del Guadalix, San Sebasti\u00e1n de los Reyes, Santo Domingo, Ciudalcampo, Soto del Real, Talamanca de Jarama, Tielmes, Torrelaguna, Tres Cantos<\/strong><\/h4>\n<h4><strong>En Madrid Norte , ofrecemos servicio t\u00e9cnico urgente de calderas y calentadores especializado en todas las marcas como Junkers, Cointra, Fagor, Vaillant, Ariston, Chaffoteaux,Thermor, Saunier Duval, Feroli, Immergas, Baxi .<\/strong><\/h4>\n<p><a href=\"http:\/\/www.fontaneroygas.es\/averias\/wp-content\/uploads\/2020\/03\/OFICINA-GAS-F.-SAZ-3.jpg\"><img loading=\"lazy\" class=\"alignleft wp-image-1324 \" title=\"ESTAMOS UBICADOS EN EL MUNICIPIO ( 28140) FUENTE \u00a0EL SAZ DE JARAMA (MADRID) - CALLE MARTINA GARC\u00cdA\u00a0 \u00a04  Reparamos urgencias en Madrid Norte de calderas de Gas Natural o Gasoil y Calentadores en fines de semana, festivos y horarios especial en la zona de :\" src=\"http:\/\/www.fontaneroygas.es\/averias\/wp-content\/uploads\/2020\/03\/OFICINA-GAS-F.-SAZ-3-300x225.jpg\" alt=\"\" width=\"311\" height=\"233\" srcset=\"https:\/\/www.fontaneroygas.es\/averias\/wp-content\/uploads\/2020\/03\/OFICINA-GAS-F.-SAZ-3-300x225.jpg 300w, https:\/\/www.fontaneroygas.es\/averias\/wp-content\/uploads\/2020\/03\/OFICINA-GAS-F.-SAZ-3-768x576.jpg 768w, https:\/\/www.fontaneroygas.es\/averias\/wp-content\/uploads\/2020\/03\/OFICINA-GAS-F.-SAZ-3.jpg 1024w\" sizes=\"(max-width: 311px) 100vw, 311px\" \/><\/a><\/p>\n<p><iframe loading=\"lazy\" src=\"https:\/\/maps.google.es\/maps?q=FUENTE+EL+SAZ+DE+JARAMA+(28140+)CALLE+MARTINA+GARC%C3%8DA+%C2%A04&amp;ie=UTF8&amp;hl=es&amp;hq=&amp;hnear=Calle+Martina+Garc%C3%ADa,+4,+28140+Fuente+el+Saz+de+Jarama,+Madrid&amp;t=m&amp;z=14&amp;iwloc=A&amp;output=embed\" width=\"425\" height=\"425\" frameborder=\"0\" marginwidth=\"0\" marginheight=\"0\" scrolling=\"no\"><\/iframe><br \/><small><a style=\"color: #0000ff; text-align: left;\" href=\"https:\/\/maps.google.es\/maps?q=FUENTE+EL+SAZ+DE+JARAMA+(28140+)CALLE+MARTINA+GARC%C3%8DA+%C2%A04&amp;ie=UTF8&amp;hl=es&amp;hq=&amp;hnear=Calle+Martina+Garc%C3%ADa,+4,+28140+Fuente+el+Saz+de+Jarama,+Madrid&amp;t=m&amp;z=14&amp;iwloc=A&amp;source=embed\">Ver mapa m\u00e1s grande<\/a><\/small><\/p>\n<p style=\"text-align: center;\"><span style=\"color: #003300;\"><em><strong>\u00a0CONTACTA CON NOSOTROS:<\/strong><\/em><\/span><\/p>\n<p style=\"text-align: center;\"><div class=\"wpforms-container wpforms-container-full\" id=\"wpforms-1339\"><form id=\"wpforms-form-1339\" class=\"wpforms-validate wpforms-form\" data-formid=\"1339\" method=\"post\" enctype=\"multipart\/form-data\" action=\"\/averias\/wp-json\/wp\/v2\/pages\/66\" data-token=\"eef66982c15db6019174f3d9a872b441\" data-token-time=\"1777714113\"><noscript class=\"wpforms-error-noscript\">Por favor, activa JavaScript en tu navegador para completar este formulario.<\/noscript><div class=\"wpforms-field-container\"><div id=\"wpforms-1339-field_0-container\" class=\"wpforms-field wpforms-field-name\" data-field-id=\"0\"><label class=\"wpforms-field-label\">Nombre <span class=\"wpforms-required-label\">*<\/span><\/label><div class=\"wpforms-field-row wpforms-field-medium\"><div class=\"wpforms-field-row-block wpforms-first wpforms-one-half\"><input type=\"text\" id=\"wpforms-1339-field_0\" class=\"wpforms-field-name-first wpforms-field-required\" name=\"wpforms[fields][0][first]\" required><label for=\"wpforms-1339-field_0\" class=\"wpforms-field-sublabel after\">Nombre<\/label><\/div><div class=\"wpforms-field-row-block wpforms-one-half\"><input type=\"text\" id=\"wpforms-1339-field_0-last\" class=\"wpforms-field-name-last wpforms-field-required\" name=\"wpforms[fields][0][last]\" required><label for=\"wpforms-1339-field_0-last\" class=\"wpforms-field-sublabel after\">Apellidos<\/label><\/div><\/div><\/div><div id=\"wpforms-1339-field_1-container\" class=\"wpforms-field wpforms-field-email\" data-field-id=\"1\"><label class=\"wpforms-field-label\" for=\"wpforms-1339-field_1\">Correo electr\u00f3nico <span class=\"wpforms-required-label\">*<\/span><\/label><input type=\"email\" id=\"wpforms-1339-field_1\" class=\"wpforms-field-medium wpforms-field-required\" name=\"wpforms[fields][1]\" spellcheck=\"false\" required><\/div><div id=\"wpforms-1339-field_2-container\" class=\"wpforms-field wpforms-field-textarea\" data-field-id=\"2\"><label class=\"wpforms-field-label\" for=\"wpforms-1339-field_2\">Comentario o mensaje <span class=\"wpforms-required-label\">*<\/span><\/label><textarea id=\"wpforms-1339-field_2\" class=\"wpforms-field-medium wpforms-field-required\" name=\"wpforms[fields][2]\" required><\/textarea><\/div><\/div><!-- .wpforms-field-container --><div class=\"wpforms-field wpforms-field-hp\"><label for=\"wpforms-1339-field-hp\" class=\"wpforms-field-label\">Email<\/label><input type=\"text\" name=\"wpforms[hp]\" id=\"wpforms-1339-field-hp\" class=\"wpforms-field-medium\"><\/div><div class=\"wpforms-submit-container\" ><input type=\"hidden\" name=\"wpforms[id]\" value=\"1339\"><input type=\"hidden\" name=\"page_title\" value=\"\"><input type=\"hidden\" name=\"page_url\" value=\"https:\/\/www.fontaneroygas.es\/averias\/wp-json\/wp\/v2\/pages\/66\"><button type=\"submit\" name=\"wpforms[submit]\" id=\"wpforms-submit-1339\" class=\"wpforms-submit\" data-alt-text=\"Enviando...\" data-submit-text=\"Enviar\" aria-live=\"assertive\" value=\"wpforms-submit\">Enviar<\/button><\/div><\/form><\/div>  <!-- .wpforms-container --><\/p>\n\n\n<h2>REPARAMOS CALDERAS<\/h2>\n\n\n\n<p><strong>Reparaciones de toda clase de calderas, de gas, gasoil, mixtas, calentadores y termos. Todas las marcas.<\/strong><\/p>\n\n\n\n<p><strong>Reparamos aver\u00edas de todo tipo: caldera que no enciende o se para, que no tiene llama, pierde agua, da error de funcionamiento, vibra, hace ruido, tiene presi\u00f3n insuficiente, huele a gas, tiene los quemadores obstruidos, etc.<\/strong><\/p>\n\n\n\n<p><strong>Asistencia t\u00e9cnica en aver\u00edas de calderas y calefacci\u00f3n. T\u00e9cnicos calefactores profesionales.<\/strong><\/p>\n\n\n\n<h2>AVER\u00cdAS DE CALEFACCI\u00d3N<\/h2>\n\n\n\n<p><strong>Reparamos aver\u00edas en calderas, calentadores y termos, en radiadores que gotean o hacen ruido, fugas de agua, v\u00e1lvulas termost\u00e1ticas, termostatos, llaves de paso etc.<\/strong><\/p>\n\n\n\n<p><strong>Repuestos originales. Presupuestos econ\u00f3micos.<\/strong><\/p>\n\n\n\n<p><strong>Todo tipo de reparaciones e instalaciones de calefacci\u00f3n, gas y fontaner\u00eda.<\/strong><\/p>\n\n\n\n<p><strong>Aver\u00edas en tuber\u00edas, grifos, ba\u00f1os y cocinas, sanitarios, desatascos.<\/strong><\/p>\n\n\n\n<h2>INSTALADORES AUTORIZADOS <\/h2>\n\n\n\n<p><strong>Emitimos boletines de agua, gas y calefacci\u00f3n. Somos instaladores autorizados.<\/strong><\/p>\n\n\n\n<p><strong>Instalamos calderas de todo tipo, de condensaci\u00f3n, de gas, gas\u00f3leo, mixtas, etc.<\/strong><\/p>\n\n\n\n<p><strong>Instalamos sistemas de calefacci\u00f3n: calefacci\u00f3n individual<\/strong><\/p>\n\n\n\n<figure class=\"wp-container-2 wp-block-gallery-1 wp-block-gallery has-nested-images columns-default is-cropped\"><\/figure>\n","protected":false},"excerpt":{"rendered":"<p>SERVICIOS A DOMISILIO ( 28140) FUENTE \u00a0EL SAZ DE JARAMA (MADRID) &#8211; CALLE MARTINA GARC\u00cdA\u00a0 \u00a0 Reparamos urgencias en Madrid Norte de calderas de Gas Natural o Gasoil y Calentadores en fines de semana, festivos y horarios especial en la zona de : Fuente el Saz de Jarama, Ajalvir, Alcobendas, Algete, Buitrago del Lozoya, Bustarviejo,&hellip; <br \/> <a class=\"read-more\" href=\"https:\/\/www.fontaneroygas.es\/averias\/donde-estamos-en-fuente-el-saz-de-jarama\/\">Leer m\u00e1s<\/a><\/p>\n","protected":false},"author":1,"featured_media":0,"parent":0,"menu_order":0,"comment_status":"closed","ping_status":"open","template":"","meta":[],"yoast_head":"<!-- This site is optimized with the Yoast SEO plugin v20.5 - https:\/\/yoast.com\/wordpress\/plugins\/seo\/ -->\n<title>DONDE ESTAMOS - En Fuente el Saz de Jarama , Madrid Norte<\/title>\n<meta name=\"description\" content=\"Donde estamos: en Fuente el Saz de Jarama, Alcobendas, San Sebastian de los Reyes, Vadetores de Jarama, Algete, Prado Norte, El Casar, Cobe\u00f1a\" \/>\n<meta name=\"robots\" content=\"index, follow, max-snippet:-1, max-image-preview:large, max-video-preview:-1\" \/>\n<link rel=\"canonical\" href=\"https:\/\/www.fontaneroygas.es\/averias\/donde-estamos-en-fuente-el-saz-de-jarama\/\" \/>\n<meta property=\"og:locale\" content=\"es_ES\" \/>\n<meta property=\"og:type\" content=\"article\" \/>\n<meta property=\"og:title\" content=\"DONDE ESTAMOS - En Fuente el Saz de Jarama , Madrid Norte\" \/>\n<meta property=\"og:description\" content=\"Donde estamos: en Fuente el Saz de Jarama, Alcobendas, San Sebastian de los Reyes, Vadetores de Jarama, Algete, Prado Norte, El Casar, Cobe\u00f1a\" \/>\n<meta property=\"og:url\" content=\"https:\/\/www.fontaneroygas.es\/averias\/donde-estamos-en-fuente-el-saz-de-jarama\/\" \/>\n<meta property=\"og:site_name\" content=\"REPARACION DE CALDERAS E INSTALACIONES DE GAS Y CALEFACCI\u00d3N\" \/>\n<meta property=\"article:modified_time\" content=\"2025-02-10T08:31:34+00:00\" \/>\n<meta property=\"og:image\" content=\"http:\/\/www.fontaneroygas.es\/averias\/wp-content\/uploads\/2020\/03\/OFICINA-GAS-F.-SAZ-3-300x225.jpg\" \/>\n<meta name=\"twitter:card\" content=\"summary_large_image\" \/>\n<meta name=\"twitter:label1\" content=\"Tiempo de lectura\" \/>\n\t<meta name=\"twitter:data1\" content=\"2 minutos\" \/>\n<script type=\"application\/ld+json\" class=\"yoast-schema-graph\">{\"@context\":\"https:\/\/schema.org\",\"@graph\":[{\"@type\":\"WebPage\",\"@id\":\"https:\/\/www.fontaneroygas.es\/averias\/donde-estamos-en-fuente-el-saz-de-jarama\/\",\"url\":\"https:\/\/www.fontaneroygas.es\/averias\/donde-estamos-en-fuente-el-saz-de-jarama\/\",\"name\":\"DONDE ESTAMOS - En Fuente el Saz de Jarama , Madrid Norte\",\"isPartOf\":{\"@id\":\"https:\/\/www.fontaneroygas.es\/averias\/#website\"},\"datePublished\":\"2013-08-26T20:10:26+00:00\",\"dateModified\":\"2025-02-10T08:31:34+00:00\",\"description\":\"Donde estamos: en Fuente el Saz de Jarama, Alcobendas, San Sebastian de los Reyes, Vadetores de Jarama, Algete, Prado Norte, El Casar, Cobe\u00f1a\",\"breadcrumb\":{\"@id\":\"https:\/\/www.fontaneroygas.es\/averias\/donde-estamos-en-fuente-el-saz-de-jarama\/#breadcrumb\"},\"inLanguage\":\"es\",\"potentialAction\":[{\"@type\":\"ReadAction\",\"target\":[\"https:\/\/www.fontaneroygas.es\/averias\/donde-estamos-en-fuente-el-saz-de-jarama\/\"]}]},{\"@type\":\"BreadcrumbList\",\"@id\":\"https:\/\/www.fontaneroygas.es\/averias\/donde-estamos-en-fuente-el-saz-de-jarama\/#breadcrumb\",\"itemListElement\":[{\"@type\":\"ListItem\",\"position\":1,\"name\":\"inicio\",\"item\":\"https:\/\/www.fontaneroygas.es\/averias\/\"},{\"@type\":\"ListItem\",\"position\":2,\"name\":\"SERVICIO A DOMISILIO\"}]},{\"@type\":\"WebSite\",\"@id\":\"https:\/\/www.fontaneroygas.es\/averias\/#website\",\"url\":\"https:\/\/www.fontaneroygas.es\/averias\/\",\"name\":\"Reparacion de calderas, instalaciones de gas, calefacci\u00f3n\",\"description\":\" \",\"publisher\":{\"@id\":\"https:\/\/www.fontaneroygas.es\/averias\/#\/schema\/person\/b3811899428677ec8d60bf476870968f\"},\"potentialAction\":[{\"@type\":\"SearchAction\",\"target\":{\"@type\":\"EntryPoint\",\"urlTemplate\":\"https:\/\/www.fontaneroygas.es\/averias\/?s={search_term_string}\"},\"query-input\":\"required name=search_term_string\"}],\"inLanguage\":\"es\"},{\"@type\":[\"Person\",\"Organization\"],\"@id\":\"https:\/\/www.fontaneroygas.es\/averias\/#\/schema\/person\/b3811899428677ec8d60bf476870968f\",\"name\":\"fonta-gas\",\"image\":{\"@type\":\"ImageObject\",\"inLanguage\":\"es\",\"@id\":\"https:\/\/www.fontaneroygas.es\/averias\/#\/schema\/person\/image\/\",\"url\":\"https:\/\/secure.gravatar.com\/avatar\/5c386f1ce0a8331061d80e2c5f6504c8?s=96&d=mm&r=g\",\"contentUrl\":\"https:\/\/secure.gravatar.com\/avatar\/5c386f1ce0a8331061d80e2c5f6504c8?s=96&d=mm&r=g\",\"caption\":\"fonta-gas\"},\"logo\":{\"@id\":\"https:\/\/www.fontaneroygas.es\/averias\/#\/schema\/person\/image\/\"}}]}<\/script>\n<!-- \/ Yoast SEO plugin. -->","yoast_head_json":{"title":"DONDE ESTAMOS - En Fuente el Saz de Jarama , Madrid Norte","description":"Donde estamos: en Fuente el Saz de Jarama, Alcobendas, San Sebastian de los Reyes, Vadetores de Jarama, Algete, Prado Norte, El Casar, Cobe\u00f1a","robots":{"index":"index","follow":"follow","max-snippet":"max-snippet:-1","max-image-preview":"max-image-preview:large","max-video-preview":"max-video-preview:-1"},"canonical":"https:\/\/www.fontaneroygas.es\/averias\/donde-estamos-en-fuente-el-saz-de-jarama\/","og_locale":"es_ES","og_type":"article","og_title":"DONDE ESTAMOS - En Fuente el Saz de Jarama , Madrid Norte","og_description":"Donde estamos: en Fuente el Saz de Jarama, Alcobendas, San Sebastian de los Reyes, Vadetores de Jarama, Algete, Prado Norte, El Casar, Cobe\u00f1a","og_url":"https:\/\/www.fontaneroygas.es\/averias\/donde-estamos-en-fuente-el-saz-de-jarama\/","og_site_name":"REPARACION DE CALDERAS E INSTALACIONES DE GAS Y CALEFACCI\u00d3N","article_modified_time":"2025-02-10T08:31:34+00:00","og_image":[{"url":"http:\/\/www.fontaneroygas.es\/averias\/wp-content\/uploads\/2020\/03\/OFICINA-GAS-F.-SAZ-3-300x225.jpg"}],"twitter_card":"summary_large_image","twitter_misc":{"Tiempo de lectura":"2 minutos"},"schema":{"@context":"https:\/\/schema.org","@graph":[{"@type":"WebPage","@id":"https:\/\/www.fontaneroygas.es\/averias\/donde-estamos-en-fuente-el-saz-de-jarama\/","url":"https:\/\/www.fontaneroygas.es\/averias\/donde-estamos-en-fuente-el-saz-de-jarama\/","name":"DONDE ESTAMOS - En Fuente el Saz de Jarama , Madrid Norte","isPartOf":{"@id":"https:\/\/www.fontaneroygas.es\/averias\/#website"},"datePublished":"2013-08-26T20:10:26+00:00","dateModified":"2025-02-10T08:31:34+00:00","description":"Donde estamos: en Fuente el Saz de Jarama, Alcobendas, San Sebastian de los Reyes, Vadetores de Jarama, Algete, Prado Norte, El Casar, Cobe\u00f1a","breadcrumb":{"@id":"https:\/\/www.fontaneroygas.es\/averias\/donde-estamos-en-fuente-el-saz-de-jarama\/#breadcrumb"},"inLanguage":"es","potentialAction":[{"@type":"ReadAction","target":["https:\/\/www.fontaneroygas.es\/averias\/donde-estamos-en-fuente-el-saz-de-jarama\/"]}]},{"@type":"BreadcrumbList","@id":"https:\/\/www.fontaneroygas.es\/averias\/donde-estamos-en-fuente-el-saz-de-jarama\/#breadcrumb","itemListElement":[{"@type":"ListItem","position":1,"name":"inicio","item":"https:\/\/www.fontaneroygas.es\/averias\/"},{"@type":"ListItem","position":2,"name":"SERVICIO A DOMISILIO"}]},{"@type":"WebSite","@id":"https:\/\/www.fontaneroygas.es\/averias\/#website","url":"https:\/\/www.fontaneroygas.es\/averias\/","name":"Reparacion de calderas, instalaciones de gas, calefacci\u00f3n","description":" ","publisher":{"@id":"https:\/\/www.fontaneroygas.es\/averias\/#\/schema\/person\/b3811899428677ec8d60bf476870968f"},"potentialAction":[{"@type":"SearchAction","target":{"@type":"EntryPoint","urlTemplate":"https:\/\/www.fontaneroygas.es\/averias\/?s={search_term_string}"},"query-input":"required name=search_term_string"}],"inLanguage":"es"},{"@type":["Person","Organization"],"@id":"https:\/\/www.fontaneroygas.es\/averias\/#\/schema\/person\/b3811899428677ec8d60bf476870968f","name":"fonta-gas","image":{"@type":"ImageObject","inLanguage":"es","@id":"https:\/\/www.fontaneroygas.es\/averias\/#\/schema\/person\/image\/","url":"https:\/\/secure.gravatar.com\/avatar\/5c386f1ce0a8331061d80e2c5f6504c8?s=96&d=mm&r=g","contentUrl":"https:\/\/secure.gravatar.com\/avatar\/5c386f1ce0a8331061d80e2c5f6504c8?s=96&d=mm&r=g","caption":"fonta-gas"},"logo":{"@id":"https:\/\/www.fontaneroygas.es\/averias\/#\/schema\/person\/image\/"}}]}},"_links":{"self":[{"href":"https:\/\/www.fontaneroygas.es\/averias\/wp-json\/wp\/v2\/pages\/66"}],"collection":[{"href":"https:\/\/www.fontaneroygas.es\/averias\/wp-json\/wp\/v2\/pages"}],"about":[{"href":"https:\/\/www.fontaneroygas.es\/averias\/wp-json\/wp\/v2\/types\/page"}],"author":[{"embeddable":true,"href":"https:\/\/www.fontaneroygas.es\/averias\/wp-json\/wp\/v2\/users\/1"}],"replies":[{"embeddable":true,"href":"https:\/\/www.fontaneroygas.es\/averias\/wp-json\/wp\/v2\/comments?post=66"}],"version-history":[{"count":37,"href":"https:\/\/www.fontaneroygas.es\/averias\/wp-json\/wp\/v2\/pages\/66\/revisions"}],"predecessor-version":[{"id":1707,"href":"https:\/\/www.fontaneroygas.es\/averias\/wp-json\/wp\/v2\/pages\/66\/revisions\/1707"}],"wp:attachment":[{"href":"https:\/\/www.fontaneroygas.es\/averias\/wp-json\/wp\/v2\/media?parent=66"}],"curies":[{"name":"wp","href":"https:\/\/api.w.org\/{rel}","templated":true}]}}